{"id":19,"date":"2019-02-05T10:33:31","date_gmt":"2019-02-05T08:33:31","guid":{"rendered":"http:\/\/wp13320786.server-he.de\/?page_id=19"},"modified":"2019-04-09T13:37:09","modified_gmt":"2019-04-09T11:37:09","slug":"ueber-uns","status":"publish","type":"page","link":"http:\/\/tveuropabad-marbach.de\/?page_id=19","title":{"rendered":"\u00dcber Uns"},"content":{"rendered":"<p><div class=\"fusion-fullwidth fullwidth-box fusion-parallax-none hundred-percent-fullwidth non-hundred-percent-height-scrolling fusion-equal-height-columns\"  style='background-color: rgba(255,255,255,0);background-image: url(\"http:\/\/tveuropabad-marbach.de\/wp-952f1-content\/uploads\/2019\/02\/tennis-court-1081845_1920.jpg\");background-position: center center;background-repeat: no-repeat;padding-top:2%;padding-right:0px;padding-bottom:5%;padding-left:0px;-webkit-background-size:cover;-moz-background-size:cover;-o-background-size:cover;background-size:cover;'><div class=\"fusion-builder-row fusion-row \"><div  class=\"fusion-layout-column fusion_builder_column fusion_builder_column_1_3  fusion-one-third fusion-column-first fusion-blend-mode 1_3\"  style='margin-top:0px;margin-bottom:10px;width:33.33%;width:calc(33.33% - ( ( 4% + 4% ) * 0.3333 ) );margin-right: 4%;'>\n\t\t\t\t\t<div class=\"fusion-column-wrapper\" style=\"background-color:rgba(0,0,0,0.72);padding: 15px 25px 15px 25px;background-position:left top;background-repeat:no-repeat;-webkit-background-size:cover;-moz-background-size:cover;-o-background-size:cover;background-size:cover;\"   data-bg-url=\"\">\n\t\t\t\t\t\t<div class=\"fusion-text\"><h2 style=\"color: #dddddd; text-align: left; margin-bottom: 0.3em; margin-top: 0.1em;\">\u00dcber Uns<\/h2>\n<\/div><div class=\"fusion-text\"><div style=\"margin-bottom: 20px;\">1976 wurde der TV Europabad Marbach e.V. als neue Abteilung des TSV Marbach gegr\u00fcndet. Unterhalb des Europabades konnte ein Wiesengrundst\u00fcck von der Stadt gepachtet werden. 4 Sandpl\u00e4tze und ein erstes Clubhaus entstanden. 1978 kam eine Flutlichtanlage dazu. 1983 wurde das jetzige Clubhaus eingeweiht.<\/div>\n<\/div><div class=\"fusion-text\"><h2 style=\"color: #ddd; margin-bottom: 0.3em;\">Unser Platz<\/h2>\n<\/div><div class=\"fusion-text\"><p>Der Spielbetrieb auf unserem Platz ist auf 4 Pl\u00e4tze ausgelegt. Diese k\u00f6nnen auf unserer Website ab April online gebucht werden.<\/p>\n<\/div><div class=\"fusion-text\"><h2 style=\"color: #ddd; margin-bottom: 0.3em;\">Kontakt<\/h2>\n<\/div><div class=\"fusion-text\"><p>Achim Breinl: 0163\/4403442<\/p>\n<p>Harald Diegelmann: 0176\/30414698<\/p>\n<p>Stefan Berens: 0172\/1938610<\/p>\n<p>Helmut Kunold: 0162\/7966240<\/p>\n<\/div><div class=\"fusion-clearfix\"><\/div>\n\n\t\t\t\t\t<\/div>\n\t\t\t\t<\/div><div  class=\"fusion-layout-column fusion_builder_column fusion_builder_column_1_3  fusion-one-third fusion-blend-mode 1_3\"  style='margin-top:0px;margin-bottom:20px;width:33.33%;width:calc(33.33% - ( ( 4% + 4% ) * 0.3333 ) );margin-right: 4%;'>\n\t\t\t\t\t<div class=\"fusion-column-wrapper\" style=\"background-color:rgba(0,0,0,0.73);padding: 15px 25px 15px 25px;background-position:left top;background-repeat:no-repeat;-webkit-background-size:cover;-moz-background-size:cover;-o-background-size:cover;background-size:cover;\"   data-bg-url=\"\">\n\t\t\t\t\t\t<div class=\"fusion-column-content-centered\"><div class=\"fusion-column-content\"><div class=\"fusion-content-boxes content-boxes columns row fusion-columns-1 fusion-columns-total-1 fusion-content-boxes-1 content-boxes-icon-on-top content-left\" data-animationOffset=\"100%\" style=\"margin-top:0px;margin-bottom:60px;\"><style type=\"text\/css\" scoped=\"scoped\">.fusion-content-boxes-1 .heading .content-box-heading {color:#eeeeee;}\n\t\t\t\t\t.fusion-content-boxes-1 .fusion-content-box-hover .link-area-link-icon-hover .heading .content-box-heading,\n\t\t\t\t\t.fusion-content-boxes-1 .fusion-content-box-hover .link-area-link-icon-hover .heading .heading-link .content-box-heading,\n\t\t\t\t\t.fusion-content-boxes-1 .fusion-content-box-hover .link-area-box-hover .heading .content-box-heading,\n\t\t\t\t\t.fusion-content-boxes-1 .fusion-content-box-hover .link-area-box-hover .heading .heading-link .content-box-heading,\n\t\t\t\t\t.fusion-content-boxes-1 .fusion-content-box-hover .link-area-link-icon-hover.link-area-box .fusion-read-more,\n\t\t\t\t\t.fusion-content-boxes-1 .fusion-content-box-hover .link-area-link-icon-hover.link-area-box .fusion-read-more::after,\n\t\t\t\t\t.fusion-content-boxes-1 .fusion-content-box-hover .link-area-link-icon-hover.link-area-box .fusion-read-more::before,\n\t\t\t\t\t.fusion-content-boxes-1 .fusion-content-box-hover .fusion-read-more:hover:after,\n\t\t\t\t\t.fusion-content-boxes-1 .fusion-content-box-hover .fusion-read-more:hover:before,\n\t\t\t\t\t.fusion-content-boxes-1 .fusion-content-box-hover .fusion-read-more:hover,\n\t\t\t\t\t.fusion-content-boxes-1 .fusion-content-box-hover .link-area-box-hover.link-area-box .fusion-read-more,\n\t\t\t\t\t.fusion-content-boxes-1 .fusion-content-box-hover .link-area-box-hover.link-area-box .fusion-read-more::after,\n\t\t\t\t\t.fusion-content-boxes-1 .fusion-content-box-hover .link-area-box-hover.link-area-box .fusion-read-more::before,\n\t\t\t\t\t.fusion-content-boxes-1 .fusion-content-box-hover .link-area-link-icon-hover .icon .circle-no,\n\t\t\t\t\t.fusion-content-boxes-1 .heading .heading-link:hover .content-box-heading {\n\t\t\t\t\t\tcolor: #fcfcfc;\n\t\t\t\t\t}\n\t\t\t\t\t.fusion-content-boxes-1 .fusion-content-box-hover .link-area-box-hover .icon .circle-no {\n\t\t\t\t\t\tcolor: #fcfcfc !important;\n\t\t\t\t\t}.fusion-content-boxes-1 .fusion-content-box-hover .link-area-box.link-area-box-hover .fusion-content-box-button {background: #96c346;color: #ffffff;}.fusion-content-boxes-1 .fusion-content-box-hover .link-area-box.link-area-box-hover .fusion-content-box-button .fusion-button-text {color: #ffffff;}\n\t\t\t\t\t.fusion-content-boxes-1 .fusion-content-box-hover .link-area-link-icon-hover .heading .icon > span {\n\t\t\t\t\t\tbackground-color: #fcfcfc !important;\n\t\t\t\t\t}\n\t\t\t\t\t.fusion-content-boxes-1 .fusion-content-box-hover .link-area-box-hover .heading .icon > span {\n\t\t\t\t\t\tborder-color: #fcfcfc !important;\n\t\t\t\t\t}<\/style><div class=\"fusion-column content-box-column content-box-column content-box-column-1 col-lg-12 col-md-12 col-sm-12 fusion-content-box-hover  content-box-column-last\"><div class=\"col content-wrapper link-area-link-icon icon-hover-animation-fade\" style=\"background-color:rgba(255,255,255,0);\" data-animationOffset=\"100%\"><div class=\"heading heading-with-icon icon-left\"><div class=\"icon\"><i style=\"background-color:transparent;border-color:transparent;height:auto;width: 43px;line-height:normal;color:#ffffff;font-size:43px;\" class=\"fontawesome-icon fa-artstation fab circle-no\"><\/i><\/div><h2 class=\"content-box-heading\" style=\"font-size:32px;line-height:37px;\">Der Vorstand<\/h2><\/div><div class=\"fusion-clearfix\"><\/div><div class=\"content-container\" style=\"color:#dddddd;\"><span style=\"font-size: 15pt; display: block; margin-top: 30px;\">Achim Breinl, 1. Vorsitzender<br \/>\nBalduin Eitel, 2. Vorsitzender<br \/>\nStefan Behrens, Schriftf\u00fchrer<br \/>\nRobert\u00a0Linzer, Sportwart<br \/>\nHarald Diegelmann, Kassenwart<br \/>\nN.N., Kassenwart<br \/>\nTechnischer Leiter: Helmut Kunold<\/span><\/div><\/div><\/div><style type=\"text\/css\" scoped=\"scoped\">\n\t\t\t\t\t\t.fusion-content-boxes-1 .fusion-content-box-hover .heading-link:hover .icon i.circle-yes,\n\t\t\t\t\t\t.fusion-content-boxes-1 .fusion-content-box-hover .link-area-box:hover .heading-link .icon i.circle-yes,\n\t\t\t\t\t\t.fusion-content-boxes-1 .fusion-content-box-hover .link-area-link-icon-hover .heading .icon i.circle-yes,\n\t\t\t\t\t\t.fusion-content-boxes-1 .fusion-content-box-hover .link-area-box-hover .heading .icon i.circle-yes {\n\t\t\t\t\t\t\tbackground-color: #fcfcfc !important;\n\t\t\t\t\t\t\tborder-color: #fcfcfc !important;\n\t\t\t\t\t\t}<\/style><div class=\"fusion-clearfix\"><\/div><\/div><\/div><\/div><div class=\"fusion-clearfix\"><\/div>\n\n\t\t\t\t\t<\/div>\n\t\t\t\t<\/div><div  class=\"fusion-layout-column fusion_builder_column fusion_builder_column_1_3  fusion-one-third fusion-column-last fusion-blend-mode 1_3\"  style='margin-top:0px;margin-bottom:20px;width:33.33%;width:calc(33.33% - ( ( 4% + 4% ) * 0.3333 ) );'>\n\t\t\t\t\t<div class=\"fusion-column-wrapper\" style=\"background-color:rgba(0,0,0,0.76);padding: 15px 25px 15px 25px;background-position:left top;background-repeat:no-repeat;-webkit-background-size:cover;-moz-background-size:cover;-o-background-size:cover;background-size:cover;\"   data-bg-url=\"\">\n\t\t\t\t\t\t<div class=\"fusion-text\"><h2 style=\"color: #ddd; margin-top: 0.1em;\">Die Oberhessische Presse schreibt:<\/h2>\n<\/div><div class=\"fusion-text\"><p>\u201eAchim Breinl ist neuer Vorsitzender des Tennisvereins TV Europabad Marbach und l\u00f6st Horst Parten ab, der aus pers\u00f6nlichen Gr\u00fcnden vorzeitig aus dem Amt scheidet, aber weiterhin als Ratgeber zur Verf\u00fcgung steht. Aus dem alten Vorstand sind die Kassenwartin (XXX) und der Schriftf\u00fchrer Stefan Behrens weiter dabei. Aktuell werden in den Vorstand Gerd Steffen, Harald Diegelmann und Helmut Kunold berufen. Achim Breinl ist seit etlichen Jahren Sportwart im Vorstand des TV Wehrda und hat die Spielgemeinschaft der beiden Vereine ins Leben gerufen.<\/p>\n<p>Zur Zeit spielen erfolgreich Herren 60, 65 und 70 auf Landesebene in der Gruppenliga. Der neue Vorsitzende legt f\u00fcr den Verein ein Konzept vor, das verst\u00e4rkt das Individualspiel ber\u00fccksichtigt, Stichwort \u201eAfterwork-Tennis\u201c. Achim Breinl sagt, wenn zu den Hauptzeiten zwischen 17 und 20 Uhr die Medenspieler der gr\u00f6\u00dferen Vereine trainieren, ist es f\u00fcr Hobbyspieler oft schwierig, auf den Tennisanlagen einen Platz zu bekommen.<\/p>\n<p>F\u00fcr diese Zielgruppe will der Verein TV Europabad Marbach M\u00f6glichkeiten anbieten. Voraussetzung ist der Erwerb einer Saisonkarte f\u00fcr 95 \u20ac. Der Spielbetrieb ist auf 4 Pl\u00e4tze ausgelegt, Buchungen sind ab April 2019 online m\u00f6glich. Es wird die M\u00f6glichkeit geben, Gastspieler einzuladen oder einen Trainer zu buchen.\u201c<\/p>\n<\/div><div class=\"fusion-clearfix\"><\/div>\n\n\t\t\t\t\t<\/div>\n\t\t\t\t<\/div><\/div><\/div><div class=\"fusion-fullwidth fullwidth-box nonhundred-percent-fullwidth non-hundred-percent-height-scrolling\"  style='background-color: #222222;background-position: center center;background-repeat: no-repeat;padding-top:3%;padding-right:0px;padding-bottom:0px;padding-left:0px;'><div class=\"fusion-builder-row fusion-row \"><div  class=\"fusion-layout-column fusion_builder_column fusion_builder_column_1_5  fusion-one-fifth fusion-column-first 1_5\"  style='margin-top:0px;margin-bottom:20px;width:20%;width:calc(20% - ( ( 4% ) * 0.2 ) );margin-right: 4%;'>\n\t\t\t\t\t<div class=\"fusion-column-wrapper\" style=\"padding: 0px 0px 0px 0px;background-position:left top;background-repeat:no-repeat;-webkit-background-size:cover;-moz-background-size:cover;-o-background-size:cover;background-size:cover;\"   data-bg-url=\"\">\n\t\t\t\t\t\t<div class=\"fusion-text\"><h1 style=\"color: #ddd;\">Unsere Galerie<\/h1>\n<\/div><div class=\"fusion-clearfix\"><\/div>\n\n\t\t\t\t\t<\/div>\n\t\t\t\t<\/div><div  class=\"fusion-layout-column fusion_builder_column fusion_builder_column_4_5  fusion-four-fifth fusion-column-last 4_5\"  style='margin-top:0px;margin-bottom:20px;width:80%;width:calc(80% - ( ( 4% ) * 0.8 ) );'>\n\t\t\t\t\t<div class=\"fusion-column-wrapper\" style=\"padding: 0px 0px 0px 0px;background-position:left top;background-repeat:no-repeat;-webkit-background-size:cover;-moz-background-size:cover;-o-background-size:cover;background-size:cover;\"   data-bg-url=\"\">\n\t\t\t\t\t\t<style type=\"text\/css\" scoped=\"scoped\">.fusion-gallery-1 .fusion-gallery-image {border:0px solid #f6f6f6;}<\/style><div class=\"fusion-gallery fusion-gallery-container fusion-grid-3 fusion-columns-total-0 fusion-gallery-layout-grid fusion-gallery-1\" style=\"margin:-5px;\"><div style=\"padding:5px;\" class=\"fusion-grid-column fusion-gallery-column fusion-gallery-column-3 hover-type-none\"><div class=\"fusion-gallery-image\"><a href=\"http:\/\/tveuropabad-marbach.de\/wp-952f1-content\/uploads\/2019\/02\/IMG-20190203-WA0001.jpg\" data-rel=\"iLightbox[gallery_image_1]\" class=\"fusion-lightbox\" target=\"_self\"><img loading=\"lazy\" decoding=\"async\" src=\"http:\/\/tveuropabad-marbach.de\/wp-952f1-content\/uploads\/2019\/02\/IMG-20190203-WA0001-200x113.jpg\" width=\"1600\" height=\"903\" alt=\"\" title=\"IMG-20190203-WA0001\" aria-label=\"IMG-20190203-WA0001\" class=\"img-responsive wp-image-86\" srcset=\"http:\/\/tveuropabad-marbach.de\/wp-952f1-content\/uploads\/2019\/02\/IMG-20190203-WA0001-200x113.jpg 200w, http:\/\/tveuropabad-marbach.de\/wp-952f1-content\/uploads\/2019\/02\/IMG-20190203-WA0001-400x226.jpg 400w, http:\/\/tveuropabad-marbach.de\/wp-952f1-content\/uploads\/2019\/02\/IMG-20190203-WA0001-600x339.jpg 600w, http:\/\/tveuropabad-marbach.de\/wp-952f1-content\/uploads\/2019\/02\/IMG-20190203-WA0001-800x452.jpg 800w, http:\/\/tveuropabad-marbach.de\/wp-952f1-content\/uploads\/2019\/02\/IMG-20190203-WA0001-1200x677.jpg 1200w, http:\/\/tveuropabad-marbach.de\/wp-952f1-content\/uploads\/2019\/02\/IMG-20190203-WA0001.jpg 1600w\" sizes=\"(min-width: 2200px) 100vw, (min-width: 784px) 363px, (min-width: 712px) 545px, (min-width: 640px) 712px, \" \/><\/a><\/div><\/div><div style=\"padding:5px;\" class=\"fusion-grid-column fusion-gallery-column fusion-gallery-column-3 hover-type-none\"><div class=\"fusion-gallery-image\"><a href=\"http:\/\/tveuropabad-marbach.de\/wp-952f1-content\/uploads\/2019\/02\/L1070475.jpg\" data-rel=\"iLightbox[gallery_image_1]\" class=\"fusion-lightbox\" target=\"_self\"><img loading=\"lazy\" decoding=\"async\" src=\"http:\/\/tveuropabad-marbach.de\/wp-952f1-content\/uploads\/2019\/02\/L1070475-200x150.jpg\" width=\"3072\" height=\"2304\" alt=\"\" title=\"L1070475\" aria-label=\"L1070475\" class=\"img-responsive wp-image-87\" srcset=\"http:\/\/tveuropabad-marbach.de\/wp-952f1-content\/uploads\/2019\/02\/L1070475-200x150.jpg 200w, http:\/\/tveuropabad-marbach.de\/wp-952f1-content\/uploads\/2019\/02\/L1070475-400x300.jpg 400w, http:\/\/tveuropabad-marbach.de\/wp-952f1-content\/uploads\/2019\/02\/L1070475-600x450.jpg 600w, http:\/\/tveuropabad-marbach.de\/wp-952f1-content\/uploads\/2019\/02\/L1070475-800x600.jpg 800w, http:\/\/tveuropabad-marbach.de\/wp-952f1-content\/uploads\/2019\/02\/L1070475-1200x900.jpg 1200w\" sizes=\"(min-width: 2200px) 100vw, (min-width: 784px) 363px, (min-width: 712px) 545px, (min-width: 640px) 712px, \" \/><\/a><\/div><\/div><div style=\"padding:5px;\" class=\"fusion-grid-column fusion-gallery-column fusion-gallery-column-3 hover-type-none\"><div class=\"fusion-gallery-image\"><a href=\"http:\/\/tveuropabad-marbach.de\/wp-952f1-content\/uploads\/2019\/02\/L1070481.jpg\" data-rel=\"iLightbox[gallery_image_1]\" class=\"fusion-lightbox\" target=\"_self\"><img loading=\"lazy\" decoding=\"async\" src=\"http:\/\/tveuropabad-marbach.de\/wp-952f1-content\/uploads\/2019\/02\/L1070481-200x150.jpg\" width=\"3072\" height=\"2304\" alt=\"\" title=\"L1070481\" aria-label=\"L1070481\" class=\"img-responsive wp-image-88\" srcset=\"http:\/\/tveuropabad-marbach.de\/wp-952f1-content\/uploads\/2019\/02\/L1070481-200x150.jpg 200w, http:\/\/tveuropabad-marbach.de\/wp-952f1-content\/uploads\/2019\/02\/L1070481-400x300.jpg 400w, http:\/\/tveuropabad-marbach.de\/wp-952f1-content\/uploads\/2019\/02\/L1070481-600x450.jpg 600w, http:\/\/tveuropabad-marbach.de\/wp-952f1-content\/uploads\/2019\/02\/L1070481-800x600.jpg 800w, http:\/\/tveuropabad-marbach.de\/wp-952f1-content\/uploads\/2019\/02\/L1070481-1200x900.jpg 1200w\" sizes=\"(min-width: 2200px) 100vw, (min-width: 784px) 363px, (min-width: 712px) 545px, (min-width: 640px) 712px, \" \/><\/a><\/div><\/div><div class=\"clearfix\"><\/div><div style=\"padding:5px;\" class=\"fusion-grid-column fusion-gallery-column fusion-gallery-column-3 hover-type-none\"><div class=\"fusion-gallery-image\"><a href=\"http:\/\/tveuropabad-marbach.de\/wp-952f1-content\/uploads\/2019\/02\/L1070482.jpg\" data-rel=\"iLightbox[gallery_image_1]\" class=\"fusion-lightbox\" target=\"_self\"><img loading=\"lazy\" decoding=\"async\" src=\"http:\/\/tveuropabad-marbach.de\/wp-952f1-content\/uploads\/2019\/02\/L1070482-200x150.jpg\" width=\"3072\" height=\"2304\" alt=\"\" title=\"L1070482\" aria-label=\"L1070482\" class=\"img-responsive wp-image-89\" srcset=\"http:\/\/tveuropabad-marbach.de\/wp-952f1-content\/uploads\/2019\/02\/L1070482-200x150.jpg 200w, http:\/\/tveuropabad-marbach.de\/wp-952f1-content\/uploads\/2019\/02\/L1070482-400x300.jpg 400w, http:\/\/tveuropabad-marbach.de\/wp-952f1-content\/uploads\/2019\/02\/L1070482-600x450.jpg 600w, http:\/\/tveuropabad-marbach.de\/wp-952f1-content\/uploads\/2019\/02\/L1070482-800x600.jpg 800w, http:\/\/tveuropabad-marbach.de\/wp-952f1-content\/uploads\/2019\/02\/L1070482-1200x900.jpg 1200w\" sizes=\"(min-width: 2200px) 100vw, (min-width: 784px) 363px, (min-width: 712px) 545px, (min-width: 640px) 712px, \" \/><\/a><\/div><\/div><div style=\"padding:5px;\" class=\"fusion-grid-column fusion-gallery-column fusion-gallery-column-3 hover-type-none\"><div class=\"fusion-gallery-image\"><a href=\"http:\/\/tveuropabad-marbach.de\/wp-952f1-content\/uploads\/2019\/02\/L1070483.jpg\" data-rel=\"iLightbox[gallery_image_1]\" class=\"fusion-lightbox\" target=\"_self\"><img loading=\"lazy\" decoding=\"async\" src=\"http:\/\/tveuropabad-marbach.de\/wp-952f1-content\/uploads\/2019\/02\/L1070483-200x150.jpg\" width=\"3072\" height=\"2304\" alt=\"\" title=\"L1070483\" aria-label=\"L1070483\" class=\"img-responsive wp-image-90\" srcset=\"http:\/\/tveuropabad-marbach.de\/wp-952f1-content\/uploads\/2019\/02\/L1070483-200x150.jpg 200w, http:\/\/tveuropabad-marbach.de\/wp-952f1-content\/uploads\/2019\/02\/L1070483-400x300.jpg 400w, http:\/\/tveuropabad-marbach.de\/wp-952f1-content\/uploads\/2019\/02\/L1070483-600x450.jpg 600w, http:\/\/tveuropabad-marbach.de\/wp-952f1-content\/uploads\/2019\/02\/L1070483-800x600.jpg 800w, http:\/\/tveuropabad-marbach.de\/wp-952f1-content\/uploads\/2019\/02\/L1070483-1200x900.jpg 1200w\" sizes=\"(min-width: 2200px) 100vw, (min-width: 784px) 363px, (min-width: 712px) 545px, (min-width: 640px) 712px, \" \/><\/a><\/div><\/div><div style=\"padding:5px;\" class=\"fusion-grid-column fusion-gallery-column fusion-gallery-column-3 hover-type-none\"><div class=\"fusion-gallery-image\"><a href=\"http:\/\/tveuropabad-marbach.de\/wp-952f1-content\/uploads\/2019\/02\/L1070488.jpg\" data-rel=\"iLightbox[gallery_image_1]\" class=\"fusion-lightbox\" target=\"_self\"><img loading=\"lazy\" decoding=\"async\" src=\"http:\/\/tveuropabad-marbach.de\/wp-952f1-content\/uploads\/2019\/02\/L1070488-200x150.jpg\" width=\"3072\" height=\"2304\" alt=\"\" title=\"L1070488\" aria-label=\"L1070488\" class=\"img-responsive wp-image-91\" srcset=\"http:\/\/tveuropabad-marbach.de\/wp-952f1-content\/uploads\/2019\/02\/L1070488-200x150.jpg 200w, http:\/\/tveuropabad-marbach.de\/wp-952f1-content\/uploads\/2019\/02\/L1070488-400x300.jpg 400w, http:\/\/tveuropabad-marbach.de\/wp-952f1-content\/uploads\/2019\/02\/L1070488-600x450.jpg 600w, http:\/\/tveuropabad-marbach.de\/wp-952f1-content\/uploads\/2019\/02\/L1070488-800x600.jpg 800w, http:\/\/tveuropabad-marbach.de\/wp-952f1-content\/uploads\/2019\/02\/L1070488-1200x900.jpg 1200w\" sizes=\"(min-width: 2200px) 100vw, (min-width: 784px) 363px, (min-width: 712px) 545px, (min-width: 640px) 712px, \" \/><\/a><\/div><\/div><div class=\"clearfix\"><\/div><div style=\"padding:5px;\" class=\"fusion-grid-column fusion-gallery-column fusion-gallery-column-3 hover-type-none\"><div class=\"fusion-gallery-image\"><a href=\"http:\/\/tveuropabad-marbach.de\/wp-952f1-content\/uploads\/2019\/02\/L1070491.jpg\" data-rel=\"iLightbox[gallery_image_1]\" class=\"fusion-lightbox\" target=\"_self\"><img loading=\"lazy\" decoding=\"async\" src=\"http:\/\/tveuropabad-marbach.de\/wp-952f1-content\/uploads\/2019\/02\/L1070491-200x150.jpg\" width=\"3072\" height=\"2304\" alt=\"\" title=\"L1070491\" aria-label=\"L1070491\" class=\"img-responsive wp-image-92\" srcset=\"http:\/\/tveuropabad-marbach.de\/wp-952f1-content\/uploads\/2019\/02\/L1070491-200x150.jpg 200w, http:\/\/tveuropabad-marbach.de\/wp-952f1-content\/uploads\/2019\/02\/L1070491-400x300.jpg 400w, http:\/\/tveuropabad-marbach.de\/wp-952f1-content\/uploads\/2019\/02\/L1070491-600x450.jpg 600w, http:\/\/tveuropabad-marbach.de\/wp-952f1-content\/uploads\/2019\/02\/L1070491-800x600.jpg 800w, http:\/\/tveuropabad-marbach.de\/wp-952f1-content\/uploads\/2019\/02\/L1070491-1200x900.jpg 1200w\" sizes=\"(min-width: 2200px) 100vw, (min-width: 784px) 363px, (min-width: 712px) 545px, (min-width: 640px) 712px, \" \/><\/a><\/div><\/div><\/div><div class=\"fusion-clearfix\"><\/div>\n\n\t\t\t\t\t<\/div>\n\t\t\t\t<\/div><\/div><\/div><\/p>\n","protected":false},"excerpt":{"rendered":"","protected":false},"author":1,"featured_media":0,"parent":0,"menu_order":0,"comment_status":"closed","ping_status":"closed","template":"100-width.php","meta":{"footnotes":""},"_links":{"self":[{"href":"http:\/\/tveuropabad-marbach.de\/index.php?rest_route=\/wp\/v2\/pages\/19"}],"collection":[{"href":"http:\/\/tveuropabad-marbach.de\/index.php?rest_route=\/wp\/v2\/pages"}],"about":[{"href":"http:\/\/tveuropabad-marbach.de\/index.php?rest_route=\/wp\/v2\/types\/page"}],"author":[{"embeddable":true,"href":"http:\/\/tveuropabad-marbach.de\/index.php?rest_route=\/wp\/v2\/users\/1"}],"replies":[{"embeddable":true,"href":"http:\/\/tveuropabad-marbach.de\/index.php?rest_route=%2Fwp%2Fv2%2Fcomments&post=19"}],"version-history":[{"count":70,"href":"http:\/\/tveuropabad-marbach.de\/index.php?rest_route=\/wp\/v2\/pages\/19\/revisions"}],"predecessor-version":[{"id":294,"href":"http:\/\/tveuropabad-marbach.de\/index.php?rest_route=\/wp\/v2\/pages\/19\/revisions\/294"}],"wp:attachment":[{"href":"http:\/\/tveuropabad-marbach.de\/index.php?rest_route=%2Fwp%2Fv2%2Fmedia&parent=19"}],"curies":[{"name":"wp","href":"https:\/\/api.w.org\/{rel}","templated":true}]}}